{"id":205,"date":"2026-07-06T15:44:05","date_gmt":"2026-07-06T15:44:05","guid":{"rendered":"https:\/\/ecolepommedapi.mowomo.es\/?page_id=205"},"modified":"2026-07-16T14:04:31","modified_gmt":"2026-07-16T14:04:31","slug":"escuela-bilingue","status":"publish","type":"page","link":"https:\/\/ecolepommedapi.mowomo.es\/fr\/escuela-bilingue\/","title":{"rendered":"\u00c9cole bilingue"},"content":{"rendered":"<section class=\"wp-block-mwm-hero-bilingue mwm-hero-bilingue\">\r\n\t\t<div class=\"mwm-container mwm-hero-bilingue__inner\">\r\n\t\t\t<div class=\"mwm-hero-bilingue__content\">\r\n\t\t\t\t\t\t\t\t\t<h1 class=\"mwm-hero-bilingue__title\">\u00c9cole bilingue fran\u00e7ais-espagnol \u00e0 Madrid<\/h1>\r\n\t\t\t\t\t\t\t\t\t\t\t\t\t<p class=\"mwm-hero-bilingue__description\">Nous pensons qu'un enfant qui quitte la maternelle doit \u00eatre capable de s'exprimer tout \u00e0 fait naturellement dans les deux langues \u2014 lire, \u00e9crire, raisonner et communiquer \u2014 sans que l'une ne serve de soutien \u00e0 l'autre.<\/p>\r\n\t\t\t\t\t\t\t\t\t\t\t\t\t<a href=\"#\" class=\"mwm-btn-accent mwm-hero-bilingue__cta\">Venez faire notre connaissance<\/a>\r\n\t\t\t\t\t\t\t<\/div>\r\n\t\t\t<div class=\"mwm-hero-bilingue__media\">\r\n\t\t\t\t<div class=\"mwm-hero-bilingue__decor\" aria-hidden=\"true\">\r\n\t\t\t\t\t<svg xmlns=\"http:\/\/www.w3.org\/2000\/svg\" width=\"468\" height=\"468\" viewbox=\"0 0 468 468\" fill=\"none\" preserveaspectratio=\"none\">\r\n\t\t\t\t\t\t<circle cx=\"234\" cy=\"234\" r=\"234\" fill=\"#FEF6EC\" fill-opacity=\"0.6\"\/>\r\n\t\t\t\t\t<\/svg>\r\n\t\t\t\t<\/div>\r\n\t\t\t\t<img decoding=\"async\" class=\"mwm-hero-bilingue__image\" src=\"https:\/\/ecolepommedapi.mowomo.es\/wp-content\/uploads\/2026\/07\/d9d25d3a4eca3e26db6fe82c13589d2542edaff7-scaled.webp\" alt=\"\">\r\n\t\t\t\t\t\t\t\t\t<div class=\"mwm-hero-bilingue__badges\">\r\n\t\t\t\t\t\t\t\t\t\t\t\t\t<span class=\"mwm-hero-bilingue__badge mwm-hero-bilingue__badge--celeste-cielo\" style=\"--mwm-hero-bilingue-rotation: -8deg;\">\r\n\t\t\t\t\t\t\t\tFrances\t\t\t\t\t\t\t<\/span>\r\n\t\t\t\t\t\t\t\t\t\t\t\t\t<span class=\"mwm-hero-bilingue__badge mwm-hero-bilingue__badge--rojo-pomme\" style=\"--mwm-hero-bilingue-rotation: 8deg;\">\r\n\t\t\t\t\t\t\t\tEspagnol\t\t\t\t\t\t\t<\/span>\r\n\t\t\t\t\t\t\t\t\t\t\t<\/div>\r\n\t\t\t\t\t\t\t<\/div>\r\n\t\t<\/div>\r\n\t<\/section>\r\n\t\n\n\t<section class=\"wp-block-mwm-combinamos-idiomas mwm-combinamos-idiomas\">\r\n\t\t<div class=\"mwm-container mwm-combinamos-idiomas__inner\">\r\n\t\t\t<div class=\"mwm-combinamos-idiomas__content\">\r\n\t\t\t\t\t\t\t\t\t<h2 class=\"mwm-combinamos-idiomas__title\">Comment nous combinons le fran\u00e7ais et l'espagnol en classe<\/h2>\r\n\t\t\t\t\t\t\t\t\t\t\t\t\t<p class=\"mwm-combinamos-idiomas__description\">\u00c0 l'\u00c9cole Pomme d'Api, nous appliquons le principe de la s\u00e9paration contextuelle : chaque langue a son moment, sa fonction et son espace propres.<\/p>\r\n\t\t\t\t\t\t\t<\/div>\r\n\t\t\t<div class=\"mwm-combinamos-idiomas__cards\">\r\n\t\t\t\t\t\t\t\t\t<article class=\"mwm-combinamos-idiomas__card mwm-combinamos-idiomas__card--celeste-cielo\" style=\"--mwm-combinamos-idiomas-rotation: -3deg;\">\r\n\t\t\t\t\t\t\t\t\t\t\t\t\t<p class=\"mwm-combinamos-idiomas__card-title\">Fran\u00e7ais<\/p>\r\n\t\t\t\t\t\t\t\t\t\t\t\t\t\t\t\t\t\t\t<p class=\"mwm-combinamos-idiomas__card-description\">Langue v\u00e9hiculaire de l'ensemble de l'activit\u00e9 p\u00e9dagogique. Elle est utilis\u00e9e dans l'enseignement, les routines, les jeux dirig\u00e9s et l'\u00e9valuation. Elle constitue le pilier du programme scolaire de l'\u00c9ducation nationale.<\/p>\r\n\t\t\t\t\t\t\t\t\t\t\t<\/article>\r\n\t\t\t\t\t\t\t\t\t<article class=\"mwm-combinamos-idiomas__card mwm-combinamos-idiomas__card--rojo-pomme\" style=\"--mwm-combinamos-idiomas-rotation: 3deg;\">\r\n\t\t\t\t\t\t\t\t\t\t\t\t\t<p class=\"mwm-combinamos-idiomas__card-title\">Espagnol<\/p>\r\n\t\t\t\t\t\t\t\t\t\t\t\t\t\t\t\t\t\t\t<p class=\"mwm-combinamos-idiomas__card-description\">Langue du milieu, de la culture et de la vie quotidienne. Pr\u00e9sente dans l'apprentissage de la lecture et de l'\u00e9criture, les activit\u00e9s culturelles et les espaces de vie en communaut\u00e9. Ce n'est pas une mati\u00e8re \u00e0 part enti\u00e8re : elle fait partie int\u00e9grante du projet.<\/p>\r\n\t\t\t\t\t\t\t\t\t\t\t<\/article>\r\n\t\t\t\t\t\t\t<\/div>\r\n\t\t<\/div>\r\n\t<\/section>\r\n\t\n\n\t<section class=\"wp-block-mwm-pilares-sistema-educativo mwm-pilares-sistema-educativo\">\r\n\t\t<div class=\"mwm-container\">\r\n\t\t\t<h2 class=\"mwm-pilares-sistema-educativo__title\">\r\n\t\t\t\tLes piliers du syst\u00e8me \u00e9ducatif fran\u00e7ais\t\t\t<\/h2>\r\n\t\t\t\t\t\t\t<p class=\"mwm-pilares-sistema-educativo__description\">Il s'agit d'une philosophie p\u00e9dagogique articul\u00e9e autour de trois axes fondamentaux : la construction des connaissances \u00e0 partir de la curiosit\u00e9, l'\u00e9galit\u00e9 des chances et la progression structur\u00e9e par cycles.<\/p>\r\n\t\t\t\t\t\t<div class=\"mwm-pilares-sistema-educativo__cards\">\r\n\t\t\t\t\t\t\t\t\t<div class=\"mwm-card mwm-card--tilted mwm-card--tilt-left\">\r\n\t\t\t\t\t\t<h3 class=\"mwm-card__title\">\r\n\t\t\t\t\t\t\tCV\t\t\t\t\t\t<\/h3>\r\n\t\t\t\t\t\t<p class=\"mwm-card__description\">\r\n\t\t\t\t\t\t\tProgrammes agr\u00e9\u00e9s par le minist\u00e8re fran\u00e7ais de l'\u00c9ducation, actualis\u00e9s et structur\u00e9s par cycles.\t\t\t\t\t\t<\/p>\r\n\t\t\t\t\t<\/div>\r\n\t\t\t\t\t\t\t\t\t<div class=\"mwm-card mwm-card--tilted\">\r\n\t\t\t\t\t\t<h3 class=\"mwm-card__title\">\r\n\t\t\t\t\t\t\tValeurs\t\t\t\t\t\t<\/h3>\r\n\t\t\t\t\t\t<p class=\"mwm-card__description\">\r\n\t\t\t\t\t\t\tLibert\u00e9, \u00e9galit\u00e9 et fraternit\u00e9 : les fondements de la vie en classe d\u00e8s les premi\u00e8res ann\u00e9es.\t\t\t\t\t\t<\/p>\r\n\t\t\t\t\t<\/div>\r\n\t\t\t\t\t\t\t\t\t<div class=\"mwm-card mwm-card--tilted mwm-card--tilt-right\">\r\n\t\t\t\t\t\t<h3 class=\"mwm-card__title\">\r\n\t\t\t\t\t\t\tStructure par cycles\t\t\t\t\t\t<\/h3>\r\n\t\t\t\t\t\t<p class=\"mwm-card__description\">\r\n\t\t\t\t\t\t\tPetite, moyenne et grande section : chaque niveau a ses propres objectifs qui garantissent une progression solide.\t\t\t\t\t\t<\/p>\r\n\t\t\t\t\t<\/div>\r\n\t\t\t\t\t\t\t<\/div>\r\n\t\t<\/div>\r\n\t<\/section>\r\n\t\n\n\t<section class=\"wp-block-mwm-generic-section mwm-section mwm-section--two-columns\">\r\n\t\t<div class=\"mwm-container\">\r\n\t\t\t<div class=\"mwm-section__grid\" style=\"--mwm-grid-columns:8fr 5fr;--mwm-grid-gap:7.5rem;\">\r\n\t\t\t\t<div class=\"mwm-section__content\">\r\n\t\t\t\t\t<h2 class=\"mwm-section__title\">L'importance d'une bonne ma\u00eetrise de l'espagnol dans un lyc\u00e9e fran\u00e7ais en Espagne<\/h2>\r\n\t\t\t\t\t\t\t\t\t\t\t<div class=\"mwm-section__text\"><p>\u00catre un lyc\u00e9e fran\u00e7ais \u00e0 Madrid implique une responsabilit\u00e9 que tous les \u00e9tablissements n\u2019assument pas avec la m\u00eame clart\u00e9 : les \u00e9l\u00e8ves qui \u00e9tudient ici vivront, pour la plupart, en Espagne. Ils feront leurs \u00e9tudes secondaires en Espagne, se feront des amis en Espagne et entreront sur le march\u00e9 du travail espagnol. Un espagnol approximatif n\u2019est pas une option.<\/p>\n<p>C\u2019est pourquoi l\u2019espagnol \u00e0 l\u2019\u00c9cole Pomme d\u2019Api n\u2019est ni un simple d\u00e9cor ni une concession culturelle : il s\u2019agit d\u2019un objectif p\u00e9dagogique concret, avec des horaires d\u00e9di\u00e9s, des enseignants responsables et des \u00e9tapes de progression par ann\u00e9e scolaire. \u00c0 la fin de la maternelle, nos \u00e9l\u00e8ves lisent et \u00e9crivent en espagnol avec une aisance comparable \u00e0 celle de leurs camarades dans n\u2019importe quelle \u00e9cole espagnole.<\/p>\n<\/div>\r\n\t\t\t\t\t\t\t\t\t<\/div>\r\n\t\t\t\t<div class=\"mwm-section__media\">\r\n\t\t\t\t\t\t\t\t\t\t\t<figure class=\"mwm-section__figure\">\r\n\t\t\t\t\t\t\t<img decoding=\"async\" class=\"mwm-section__image mwm-section__image--tilted\" src=\"https:\/\/ecolepommedapi.mowomo.es\/wp-content\/uploads\/2026\/07\/5dfffd69f604b817befab591538296d5949fb0ee-scaled.webp\" alt=\"Alumnos en \u00c9cole Pomme d&#039;Api\" \/>\r\n\t\t\t\t\t\t<\/figure>\r\n\t\t\t\t\t\r\n\t\t\t\t\t\t\t\t\t\t\t<div class=\"mwm-section__decor\" aria-hidden=\"true\">\r\n\t\t\t\t\t\t\t<svg xmlns=\"http:\/\/www.w3.org\/2000\/svg\" width=\"468\" height=\"468\" viewbox=\"0 0 468 468\" fill=\"none\" preserveaspectratio=\"none\">\r\n\t\t\t\t\t\t\t\t<circle cx=\"234\" cy=\"234\" r=\"234\" fill=\"#FEF6EC\" fill-opacity=\"0.6\"\/>\r\n\t\t\t\t\t\t\t<\/svg>\r\n\t\t\t\t\t\t<\/div>\r\n\t\t\t\t\t\t\t\t\t<\/div>\r\n\t\t\t<\/div>\r\n\t\t<\/div>\r\n\t<\/section>\r\n\t\n\n\t<section class=\"wp-block-mwm-visita-colegio mwm-visita-colegio mwm-section\">\r\n\t\t<div class=\"mwm-container\">\r\n\t\t\t<div class=\"mwm-visita-colegio__card\">\r\n\t\t\t\t<figure class=\"mwm-visita-colegio__figure\">\r\n\t\t\t\t\t<img decoding=\"async\" class=\"mwm-visita-colegio__image\" src=\"https:\/\/ecolepommedapi.mowomo.es\/wp-content\/uploads\/2026\/07\/9214f9c0524975c535b7dc6ec3c227bca31d423a-scaled.jpg\" alt=\"\" \/>\r\n\t\t\t\t<\/figure>\r\n\t\t\t\t<div class=\"mwm-visita-colegio__content\">\r\n\t\t\t\t\t\t\t\t\t\t\t<h2 class=\"mwm-visita-colegio__title\">\r\n\t\t\t\t\t\t\tPourquoi ne viendrais-tu pas nous rendre visite ?\t\t\t\t\t\t<\/h2>\r\n\t\t\t\t\t\t\t\t\t\t\t\t\t\t\t\t<p class=\"mwm-visita-colegio__description\">\r\n\t\t\t\t\t\t\tQuel meilleur moyen de savoir si l'\u00e9cole convient \u00e0 votre enfant que de venir la visiter un jour de la semaine, lorsque vous pouvez d\u00e9couvrir en direct la magie qui y r\u00e8gne ?.\t\t\t\t\t\t<\/p>\r\n\t\t\t\t\t\t\t\t\t\t\t\t\t\t\t\t<a href=\"#\" class=\"mwm-btn-light\">\r\n\t\t\t\t\t\t\tPrenez rendez-vous pour visiter l'\u00e9cole\t\t\t\t\t\t<\/a>\r\n\t\t\t\t\t\t\t\t\t<\/div>\r\n\t\t\t<\/div>\r\n\t\t<\/div>\r\n\t<\/section>","protected":false},"excerpt":{"rendered":"","protected":false},"author":1,"featured_media":0,"parent":0,"menu_order":0,"comment_status":"closed","ping_status":"closed","template":"","meta":{"_acf_changed":false,"footnotes":""},"class_list":["post-205","page","type-page","status-publish","hentry"],"acf":[],"_links":{"self":[{"href":"https:\/\/ecolepommedapi.mowomo.es\/fr\/wp-json\/wp\/v2\/pages\/205","targetHints":{"allow":["GET"]}}],"collection":[{"href":"https:\/\/ecolepommedapi.mowomo.es\/fr\/wp-json\/wp\/v2\/pages"}],"about":[{"href":"https:\/\/ecolepommedapi.mowomo.es\/fr\/wp-json\/wp\/v2\/types\/page"}],"author":[{"embeddable":true,"href":"https:\/\/ecolepommedapi.mowomo.es\/fr\/wp-json\/wp\/v2\/users\/1"}],"replies":[{"embeddable":true,"href":"https:\/\/ecolepommedapi.mowomo.es\/fr\/wp-json\/wp\/v2\/comments?post=205"}],"version-history":[{"count":17,"href":"https:\/\/ecolepommedapi.mowomo.es\/fr\/wp-json\/wp\/v2\/pages\/205\/revisions"}],"predecessor-version":[{"id":479,"href":"https:\/\/ecolepommedapi.mowomo.es\/fr\/wp-json\/wp\/v2\/pages\/205\/revisions\/479"}],"wp:attachment":[{"href":"https:\/\/ecolepommedapi.mowomo.es\/fr\/wp-json\/wp\/v2\/media?parent=205"}],"curies":[{"name":"wp","href":"https:\/\/api.w.org\/{rel}","templated":true}]}}