{"id":49,"date":"2026-06-19T22:39:11","date_gmt":"2026-06-19T22:39:11","guid":{"rendered":"https:\/\/ecolepommedapi.mowomo.es\/?page_id=49"},"modified":"2026-07-16T02:01:03","modified_gmt":"2026-07-16T02:01:03","slug":"horario-escolar","status":"publish","type":"page","link":"https:\/\/ecolepommedapi.mowomo.es\/fr\/horario-escolar\/","title":{"rendered":"Horaires scolaires"},"content":{"rendered":"<section class=\"mwm-horario-escolar\">\r\n\t\t<div class=\"mwm-container\">\r\n\t\t\t<h1 class=\"mwm-horario-escolar__title\">\r\n\t\t\t\tHoraires scolaires\t\t\t<\/h1>\r\n\r\n\t\t\t\t\t\t\t<div class=\"mwm-horario-escolar__image-wrapper\">\r\n\t\t\t\t\t<img class=\"mwm-horario-escolar__image\"\r\n\t\t\t\t\t\tsrc=\"https:\/\/ecolepommedapi.mowomo.es\/wp-content\/uploads\/2026\/07\/a536f471336776240a472d95a0b54c27f0711b50-scaled.jpg\"\r\n\t\t\t\t\t\talt=\"\"\r\n\t\t\t\t\t\/>\r\n\t\t\t\t<\/div>\r\n\t\t\t\r\n\t\t\t\t\t\t\t<div class=\"mwm-horario-escolar__acogida\">\r\n\t\t\t\t\t<p>En r\u00e8gle g\u00e9n\u00e9rale, l'\u00e9cole propose un service gratuit d'accueil des enfants de 8 h 30 \u00e0 9 h.<\/p>\r\n\t\t\t\t<\/div>\r\n\t\t\t\r\n\t\t\t<div class=\"mwm-horario-escolar__schedule\">\r\n\t\t\t\t\t\t\t\t<div class=\"mwm-horario-escolar__day\">\r\n\t\t\t\t\t<div class=\"mwm-horario-escolar__day-header\">\r\n\t\t\t\t\t\t<span>Lundi<\/span>\r\n\t\t\t\t\t<\/div>\r\n\t\t\t\t\t<div class=\"mwm-horario-escolar__day-card\">\r\n\t\t\t\t\t\t\t\t\t\t\t\t\t<span class=\"mwm-horario-escolar__day-entry\">Accueil de 9 h \u00e0 9 h 20<\/span>\r\n\t\t\t\t\t\t\t\t\t\t\t\t\t\t\t\t\t\t\t<span class=\"mwm-horario-escolar__day-exit\">D\u00e9part de 16 h \u00e0 16 h 30<\/span>\r\n\t\t\t\t\t\t\t\t\t\t\t\t\t\t\t\t\t<\/div>\r\n\t\t\t\t<\/div>\r\n\t\t\t\t\t\t\t\t<div class=\"mwm-horario-escolar__day\">\r\n\t\t\t\t\t<div class=\"mwm-horario-escolar__day-header\">\r\n\t\t\t\t\t\t<span>Mardi<\/span>\r\n\t\t\t\t\t<\/div>\r\n\t\t\t\t\t<div class=\"mwm-horario-escolar__day-card\">\r\n\t\t\t\t\t\t\t\t\t\t\t\t\t<span class=\"mwm-horario-escolar__day-entry\">Accueil de 9 h \u00e0 9 h 20<\/span>\r\n\t\t\t\t\t\t\t\t\t\t\t\t\t\t\t\t\t\t\t<span class=\"mwm-horario-escolar__day-exit\">D\u00e9part de 16 h \u00e0 16 h 30<\/span>\r\n\t\t\t\t\t\t\t\t\t\t\t\t\t\t\t\t\t<\/div>\r\n\t\t\t\t<\/div>\r\n\t\t\t\t\t\t\t\t<div class=\"mwm-horario-escolar__day\">\r\n\t\t\t\t\t<div class=\"mwm-horario-escolar__day-header\">\r\n\t\t\t\t\t\t<span>Mercredi<\/span>\r\n\t\t\t\t\t<\/div>\r\n\t\t\t\t\t<div class=\"mwm-horario-escolar__day-card\">\r\n\t\t\t\t\t\t\t\t\t\t\t\t\t<span class=\"mwm-horario-escolar__day-entry\">Accueil de 9 h \u00e0 9 h 20<\/span>\r\n\t\t\t\t\t\t\t\t\t\t\t\t\t\t\t\t\t\t\t<span class=\"mwm-horario-escolar__day-exit\">D\u00e9part \u00e0 13 h 00*<\/span>\r\n\t\t\t\t\t\t\t\t\t\t\t\t\t\t\t\t\t\t\t<p class=\"mwm-horario-escolar__day-note\">*Possibilit\u00e9 d'horaires prolong\u00e9s (cantine + activit\u00e9s p\u00e9riscolaires) jusqu'\u00e0 16 h 30<\/p>\r\n\t\t\t\t\t\t\t\t\t\t\t<\/div>\r\n\t\t\t\t<\/div>\r\n\t\t\t\t\t\t\t\t<div class=\"mwm-horario-escolar__day\">\r\n\t\t\t\t\t<div class=\"mwm-horario-escolar__day-header\">\r\n\t\t\t\t\t\t<span>Jeudi<\/span>\r\n\t\t\t\t\t<\/div>\r\n\t\t\t\t\t<div class=\"mwm-horario-escolar__day-card\">\r\n\t\t\t\t\t\t\t\t\t\t\t\t\t<span class=\"mwm-horario-escolar__day-entry\">Accueil de 9 h \u00e0 9 h 20<\/span>\r\n\t\t\t\t\t\t\t\t\t\t\t\t\t\t\t\t\t\t\t<span class=\"mwm-horario-escolar__day-exit\">D\u00e9part de 16 h \u00e0 16 h 30<\/span>\r\n\t\t\t\t\t\t\t\t\t\t\t\t\t\t\t\t\t<\/div>\r\n\t\t\t\t<\/div>\r\n\t\t\t\t\t\t\t\t<div class=\"mwm-horario-escolar__day\">\r\n\t\t\t\t\t<div class=\"mwm-horario-escolar__day-header\">\r\n\t\t\t\t\t\t<span>Vendredi<\/span>\r\n\t\t\t\t\t<\/div>\r\n\t\t\t\t\t<div class=\"mwm-horario-escolar__day-card\">\r\n\t\t\t\t\t\t\t\t\t\t\t\t\t<span class=\"mwm-horario-escolar__day-entry\">Accueil de 9 h \u00e0 9 h 20<\/span>\r\n\t\t\t\t\t\t\t\t\t\t\t\t\t\t\t\t\t\t\t<span class=\"mwm-horario-escolar__day-exit\">D\u00e9part de 16 h \u00e0 16 h 30<\/span>\r\n\t\t\t\t\t\t\t\t\t\t\t\t\t\t\t\t\t<\/div>\r\n\t\t\t\t<\/div>\r\n\t\t\t\t\t\t\t<\/div>\r\n\t\t<\/div>\r\n\t<\/section>\r\n\t\n\n\t<section class=\"mwm-horario-comidas\">\r\n\t\t<div class=\"mwm-container\">\r\n\t\t\t<div class=\"mwm-horario-comidas__content\">\r\n\t\t\t\t<div class=\"mwm-horario-comidas__left\">\r\n\t\t\t\t\t<h2 class=\"mwm-horario-comidas__title\">\r\n\t\t\t\t\t\tHoraires des repas\t\t\t\t\t<\/h2>\r\n\r\n\t\t\t\t\t\t\t\t\t\t\t<div class=\"mwm-horario-comidas__badge\">\r\n\t\t\t\t\t\t\t<span>Repas de 12 h \u00e0 13 h 30 (3 services)<\/span>\r\n\t\t\t\t\t\t<\/div>\r\n\t\t\t\t\t\r\n\t\t\t\t\t<div class=\"mwm-horario-comidas__cards\">\r\n\t\t\t\t\t\t\t\t\t\t\t\t<div class=\"mwm-horario-comidas__card mwm-bg-verde-pomme\">\r\n\t\t\t\t\t\t\t<p class=\"mwm-horario-comidas__card-title\">Enfants de 2 ans<\/p>\r\n\t\t\t\t\t\t\t<p class=\"mwm-horario-comidas__card-description\">Une fois le d\u00e9jeuner termin\u00e9, ils font la sieste, de 13 h \u00e0 15 h.<\/p>\r\n\t\t\t\t\t\t<\/div>\r\n\t\t\t\t\t\t\t\t\t\t\t\t<div class=\"mwm-horario-comidas__card mwm-bg-celeste-cielo\">\r\n\t\t\t\t\t\t\t<p class=\"mwm-horario-comidas__card-title\">Enfants de 3 ans<\/p>\r\n\t\t\t\t\t\t\t<p class=\"mwm-horario-comidas__card-description\">Une fois le repas termin\u00e9, ils font la sieste, de 13 h \u00e0 14 h 15.<\/p>\r\n\t\t\t\t\t\t<\/div>\r\n\t\t\t\t\t\t\t\t\t\t\t\t<div class=\"mwm-horario-comidas__card mwm-bg-naranja-guapeado\">\r\n\t\t\t\t\t\t\t<p class=\"mwm-horario-comidas__card-title\">Enfants de 4 et 5 ans<\/p>\r\n\t\t\t\t\t\t\t<p class=\"mwm-horario-comidas__card-description\">Ils ont une r\u00e9cr\u00e9ation ou des activit\u00e9s extrascolaires jusqu'\u00e0 14 h 30 apr\u00e8s le d\u00e9jeuner<\/p>\r\n\t\t\t\t\t\t<\/div>\r\n\t\t\t\t\t\t\t\t\t\t\t<\/div>\r\n\t\t\t\t<\/div>\r\n\r\n\t\t\t\t\t\t\t\t\t<div class=\"mwm-horario-comidas__image-wrapper\">\r\n\t\t\t\t\t\t<img class=\"mwm-horario-comidas__image\"\r\n\t\t\t\t\t\t\tsrc=\"https:\/\/ecolepommedapi.mowomo.es\/wp-content\/uploads\/2026\/07\/05fd8868091d4ab670d8fb3addc7331f5b4b60ad-scaled.webp\"\r\n\t\t\t\t\t\t\talt=\"\"\r\n\t\t\t\t\t\t\/>\r\n\t\t\t\t\t<\/div>\r\n\t\t\t\t\t\t\t<\/div>\r\n\t\t<\/div>\r\n\t<\/section>","protected":false},"excerpt":{"rendered":"","protected":false},"author":1,"featured_media":0,"parent":0,"menu_order":0,"comment_status":"closed","ping_status":"closed","template":"page-with-decor.php","meta":{"_acf_changed":false,"footnotes":""},"class_list":["post-49","page","type-page","status-publish","hentry"],"acf":[],"_links":{"self":[{"href":"https:\/\/ecolepommedapi.mowomo.es\/fr\/wp-json\/wp\/v2\/pages\/49","targetHints":{"allow":["GET"]}}],"collection":[{"href":"https:\/\/ecolepommedapi.mowomo.es\/fr\/wp-json\/wp\/v2\/pages"}],"about":[{"href":"https:\/\/ecolepommedapi.mowomo.es\/fr\/wp-json\/wp\/v2\/types\/page"}],"author":[{"embeddable":true,"href":"https:\/\/ecolepommedapi.mowomo.es\/fr\/wp-json\/wp\/v2\/users\/1"}],"replies":[{"embeddable":true,"href":"https:\/\/ecolepommedapi.mowomo.es\/fr\/wp-json\/wp\/v2\/comments?post=49"}],"version-history":[{"count":5,"href":"https:\/\/ecolepommedapi.mowomo.es\/fr\/wp-json\/wp\/v2\/pages\/49\/revisions"}],"predecessor-version":[{"id":413,"href":"https:\/\/ecolepommedapi.mowomo.es\/fr\/wp-json\/wp\/v2\/pages\/49\/revisions\/413"}],"wp:attachment":[{"href":"https:\/\/ecolepommedapi.mowomo.es\/fr\/wp-json\/wp\/v2\/media?parent=49"}],"curies":[{"name":"wp","href":"https:\/\/api.w.org\/{rel}","templated":true}]}}